{"id":1157,"date":"2025-06-18T12:45:06","date_gmt":"2025-06-18T12:45:06","guid":{"rendered":"https:\/\/www.milanrakic.de\/?post_type=product&#038;p=1157"},"modified":"2025-11-25T19:02:53","modified_gmt":"2025-11-25T19:02:53","slug":"reha-training","status":"publish","type":"product","link":"https:\/\/www.milanrakic.de\/en\/produkt\/reha-training","title":{"rendered":"Reha Kleingruppentraining in Bad Homburg (12:00\u201313:00 Uhr)"},"content":{"rendered":"<div class=\"wpb-content-wrapper\"><p>[vc_row][vc_column][vc_column_text uncode_shortcode_id=&#8221;688965&#8243;]<\/p>\n<p data-start=\"272\" data-end=\"717\"><strong data-start=\"272\" data-end=\"334\">Zur\u00fcck zur Schmerzfreiheit \u2013 gezielt, sicher, individuell.<\/strong><\/p>\n<p>Du leidest unter Gelenkbeschwerden oder bist in der Rehabilitationsphase nach einer Verletzung? In diesem spezialisierten Kleingruppentraining konzentrieren wir uns gezielt auf deine individuellen Bed\u00fcrfnisse. Mit ruhigen, kontrollierten Bewegungsabl\u00e4ufen, funktionellen \u00dcbungen und pers\u00f6nlicher Betreuung unterst\u00fctze ich dich dabei, wieder fit f\u00fcr den Alltag und Sport zu werden.<\/p>\n<p data-start=\"719\" data-end=\"1027\"><strong data-start=\"719\" data-end=\"745\">Typische Schwerpunkte:<\/strong><br data-start=\"745\" data-end=\"748\" \/>\u2013 Knieprobleme (z.\u202fB. nach Kreuzband-OP oder Meniskusschaden)<br data-start=\"809\" data-end=\"812\" \/>\u2013 Beschwerden an der Wirbels\u00e4ule (z.\u202fB. Bandscheibe, Haltung)<br data-start=\"873\" data-end=\"876\" \/>\u2013 Schulter (z.\u202fB. Impingement, Instabilit\u00e4t)<br data-start=\"920\" data-end=\"923\" \/>\u2013 H\u00fcfte (z.\u202fB. Arthrose, Bewegungseinschr\u00e4nkung)<br data-start=\"971\" data-end=\"974\" \/>\u2013 Sprunggelenk (z.\u202fB. nach Umknicken oder B\u00e4nderriss)<\/p>\n<p data-start=\"1029\" data-end=\"1249\"><strong data-start=\"1029\" data-end=\"1051\">Was dich erwartet:<\/strong><br data-start=\"1051\" data-end=\"1054\" \/>\u2013 Training in einer kleinen, gesch\u00fctzten Gruppe<br data-start=\"1101\" data-end=\"1104\" \/>\u2013 Pers\u00f6nliche Betreuung &amp; gezielte \u00dcbungen<br data-start=\"1146\" data-end=\"1149\" \/>\u2013 F\u00f6rderung von Mobilit\u00e4t, Stabilit\u00e4t &amp; Kraft<br data-start=\"1194\" data-end=\"1197\" \/>\u2013 Fokus auf Schmerzfreiheit, Funktion und Sicherheit<\/p>\n<p data-start=\"1251\" data-end=\"1482\"><strong data-start=\"1251\" data-end=\"1266\">Zielgruppe:<\/strong><br data-start=\"1266\" data-end=\"1269\" \/>\u2714 Personen nach Verletzungen oder Operationen<br data-start=\"1314\" data-end=\"1317\" \/>\u2714 Menschen mit Gelenkbeschwerden<br data-start=\"1349\" data-end=\"1352\" \/>\u2714 Teilnehmer, die sich mehr individuelle Betreuung w\u00fcnschen<br data-start=\"1411\" data-end=\"1414\" \/>\u2714 Wiedereinsteiger in den Sport mit gesundheitlichen Einschr\u00e4nkungen<\/p>\n<p data-start=\"1484\" data-end=\"1542\"><strong data-start=\"1484\" data-end=\"1502\">Ort &amp; Uhrzeit:<\/strong><br data-start=\"1502\" data-end=\"1505\" \/>\ud83d\udccd Bad Homburg<br data-start=\"1519\" data-end=\"1522\" \/>\ud83d\udd5b 12:00\u201313:00 Uhr<\/p>\n<p data-start=\"1544\" data-end=\"1601\"><strong data-start=\"1544\" data-end=\"1555\">Termin:<\/strong><br data-start=\"1555\" data-end=\"1558\" \/>\ud83d\udcc5 <strong data-start=\"1561\" data-end=\"1601\">Terminabsprache erfolgt nach Buchung<\/strong><\/p>\n<p data-start=\"1603\" data-end=\"1683\"><strong data-start=\"1603\" data-end=\"1613\">Preis:<\/strong><br data-start=\"1613\" data-end=\"1616\" \/>\ud83d\udcb6 auf Anfrage<\/p>\n<p data-start=\"1603\" data-end=\"1683\"><strong>\u27a1\ufe0f Interesse? Schreiben Sie mir einfach eine kurze Nachricht \u00fcber das <a href=\"https:\/\/www.milanrakic.de\/#kontakt\">Kontaktformular<\/a> oder per E-Mail.<\/strong><\/p>\n<p>[\/vc_column_text][\/vc_column][\/vc_row]<\/p>\n<\/div>","protected":false},"excerpt":{"rendered":"<p>Du leidest unter Gelenkbeschwerden oder bist in der Rehabilitationsphase nach einer Verletzung? In diesem spezialisierten Kleingruppentraining konzentrieren wir uns gezielt auf deine individuellen Bed\u00fcrfnisse.<\/p>\n<p><strong>Ort:<\/strong> Bad Homburg v. d. H\u00f6he<br \/>\n<strong>Zeitraum:<\/strong> Terminabsprache erfolgt nach Buchung<br \/>\n<strong>Preis:<\/strong> auf Anfrage<\/p>\n","protected":false},"featured_media":37,"comment_status":"open","ping_status":"closed","template":"","meta":[],"product_brand":[],"product_cat":[62],"product_tag":[],"class_list":{"0":"post-1157","1":"product","2":"type-product","3":"status-publish","4":"has-post-thumbnail","6":"product_cat-training","8":"first","9":"outofstock","10":"shipping-taxable","11":"product-type-simple"},"yoast_head":"<!-- This site is optimized with the Yoast SEO plugin v27.3 - https:\/\/yoast.com\/product\/yoast-seo-wordpress\/ -->\n<title>Reha Kleingruppentraining in Bad Homburg (12:00\u201313:00 Uhr) - Milan Rakic - Athletikcoach<\/title>\n<meta name=\"robots\" content=\"index, follow, max-snippet:-1, max-image-preview:large, max-video-preview:-1\" \/>\n<link rel=\"canonical\" href=\"https:\/\/www.milanrakic.de\/en\/produkt\/reha-training\" \/>\n<meta property=\"og:locale\" content=\"en_US\" \/>\n<meta property=\"og:type\" content=\"article\" \/>\n<meta property=\"og:title\" content=\"Reha Kleingruppentraining in Bad Homburg (12:00\u201313:00 Uhr) - Milan Rakic - Athletikcoach\" \/>\n<meta property=\"og:description\" content=\"Du leidest unter Gelenkbeschwerden oder bist in der Rehabilitationsphase nach einer Verletzung? In diesem spezialisierten Kleingruppentraining konzentrieren wir uns gezielt auf deine individuellen Bed\u00fcrfnisse.  Ort: Bad Homburg v. d. H\u00f6he Zeitraum: Terminabsprache erfolgt nach Buchung Preis: auf Anfrage\" \/>\n<meta property=\"og:url\" content=\"https:\/\/www.milanrakic.de\/en\/produkt\/reha-training\" \/>\n<meta property=\"og:site_name\" content=\"Milan Rakic - Athletikcoach\" \/>\n<meta property=\"article:modified_time\" content=\"2025-11-25T19:02:53+00:00\" \/>\n<meta property=\"og:image\" content=\"https:\/\/www.milanrakic.de\/wp-content\/uploads\/2020\/08\/DSC06942-1.jpeg\" \/>\n\t<meta property=\"og:image:width\" content=\"1908\" \/>\n\t<meta property=\"og:image:height\" content=\"1578\" \/>\n\t<meta property=\"og:image:type\" content=\"image\/jpeg\" \/>\n<meta name=\"twitter:card\" content=\"summary_large_image\" \/>\n<meta name=\"twitter:label1\" content=\"Est. reading time\" \/>\n\t<meta name=\"twitter:data1\" content=\"2 minutes\" \/>\n<script type=\"application\/ld+json\" class=\"yoast-schema-graph\">{\"@context\":\"https:\\\/\\\/schema.org\",\"@graph\":[{\"@type\":\"WebPage\",\"@id\":\"https:\\\/\\\/www.milanrakic.de\\\/en\\\/produkt\\\/reha-training\",\"url\":\"https:\\\/\\\/www.milanrakic.de\\\/en\\\/produkt\\\/reha-training\",\"name\":\"Reha Kleingruppentraining in Bad Homburg (12:00\u201313:00 Uhr) - Milan Rakic - Athletikcoach\",\"isPartOf\":{\"@id\":\"https:\\\/\\\/www.milanrakic.de\\\/en#website\"},\"primaryImageOfPage\":{\"@id\":\"https:\\\/\\\/www.milanrakic.de\\\/en\\\/produkt\\\/reha-training#primaryimage\"},\"image\":{\"@id\":\"https:\\\/\\\/www.milanrakic.de\\\/en\\\/produkt\\\/reha-training#primaryimage\"},\"thumbnailUrl\":\"https:\\\/\\\/www.milanrakic.de\\\/wp-content\\\/uploads\\\/2020\\\/08\\\/DSC06942-1.jpeg\",\"datePublished\":\"2025-06-18T12:45:06+00:00\",\"dateModified\":\"2025-11-25T19:02:53+00:00\",\"breadcrumb\":{\"@id\":\"https:\\\/\\\/www.milanrakic.de\\\/en\\\/produkt\\\/reha-training#breadcrumb\"},\"inLanguage\":\"en-US\",\"potentialAction\":[{\"@type\":\"ReadAction\",\"target\":[\"https:\\\/\\\/www.milanrakic.de\\\/en\\\/produkt\\\/reha-training\"]}]},{\"@type\":\"ImageObject\",\"inLanguage\":\"en-US\",\"@id\":\"https:\\\/\\\/www.milanrakic.de\\\/en\\\/produkt\\\/reha-training#primaryimage\",\"url\":\"https:\\\/\\\/www.milanrakic.de\\\/wp-content\\\/uploads\\\/2020\\\/08\\\/DSC06942-1.jpeg\",\"contentUrl\":\"https:\\\/\\\/www.milanrakic.de\\\/wp-content\\\/uploads\\\/2020\\\/08\\\/DSC06942-1.jpeg\",\"width\":1908,\"height\":1578},{\"@type\":\"BreadcrumbList\",\"@id\":\"https:\\\/\\\/www.milanrakic.de\\\/en\\\/produkt\\\/reha-training#breadcrumb\",\"itemListElement\":[{\"@type\":\"ListItem\",\"position\":1,\"name\":\"Startseite\",\"item\":\"https:\\\/\\\/www.milanrakic.de\\\/shop\"},{\"@type\":\"ListItem\",\"position\":2,\"name\":\"Reha Kleingruppentraining in Bad Homburg (12:00\u201313:00 Uhr)\"}]},{\"@type\":\"WebSite\",\"@id\":\"https:\\\/\\\/www.milanrakic.de\\\/en#website\",\"url\":\"https:\\\/\\\/www.milanrakic.de\\\/en\",\"name\":\"Milan Rakic - Athletikcoach\",\"description\":\"Online-Coaching\",\"publisher\":{\"@id\":\"https:\\\/\\\/www.milanrakic.de\\\/en#organization\"},\"potentialAction\":[{\"@type\":\"SearchAction\",\"target\":{\"@type\":\"EntryPoint\",\"urlTemplate\":\"https:\\\/\\\/www.milanrakic.de\\\/en?s={search_term_string}\"},\"query-input\":{\"@type\":\"PropertyValueSpecification\",\"valueRequired\":true,\"valueName\":\"search_term_string\"}}],\"inLanguage\":\"en-US\"},{\"@type\":\"Organization\",\"@id\":\"https:\\\/\\\/www.milanrakic.de\\\/en#organization\",\"name\":\"Milan Rakic\",\"url\":\"https:\\\/\\\/www.milanrakic.de\\\/en\",\"logo\":{\"@type\":\"ImageObject\",\"inLanguage\":\"en-US\",\"@id\":\"https:\\\/\\\/www.milanrakic.de\\\/en#\\\/schema\\\/logo\\\/image\\\/\",\"url\":\"https:\\\/\\\/www.milanrakic.de\\\/wp-content\\\/uploads\\\/2020\\\/08\\\/Color-logo-no-background-1.png\",\"contentUrl\":\"https:\\\/\\\/www.milanrakic.de\\\/wp-content\\\/uploads\\\/2020\\\/08\\\/Color-logo-no-background-1.png\",\"width\":2198,\"height\":438,\"caption\":\"Milan Rakic\"},\"image\":{\"@id\":\"https:\\\/\\\/www.milanrakic.de\\\/en#\\\/schema\\\/logo\\\/image\\\/\"}}]}<\/script>\n<!-- \/ Yoast SEO plugin. -->","yoast_head_json":{"title":"Reha Kleingruppentraining in Bad Homburg (12:00\u201313:00 Uhr) - Milan Rakic - Athletikcoach","robots":{"index":"index","follow":"follow","max-snippet":"max-snippet:-1","max-image-preview":"max-image-preview:large","max-video-preview":"max-video-preview:-1"},"canonical":"https:\/\/www.milanrakic.de\/en\/produkt\/reha-training","og_locale":"en_US","og_type":"article","og_title":"Reha Kleingruppentraining in Bad Homburg (12:00\u201313:00 Uhr) - Milan Rakic - Athletikcoach","og_description":"Du leidest unter Gelenkbeschwerden oder bist in der Rehabilitationsphase nach einer Verletzung? In diesem spezialisierten Kleingruppentraining konzentrieren wir uns gezielt auf deine individuellen Bed\u00fcrfnisse.  Ort: Bad Homburg v. d. H\u00f6he Zeitraum: Terminabsprache erfolgt nach Buchung Preis: auf Anfrage","og_url":"https:\/\/www.milanrakic.de\/en\/produkt\/reha-training","og_site_name":"Milan Rakic - Athletikcoach","article_modified_time":"2025-11-25T19:02:53+00:00","og_image":[{"width":1908,"height":1578,"url":"https:\/\/www.milanrakic.de\/wp-content\/uploads\/2020\/08\/DSC06942-1.jpeg","type":"image\/jpeg"}],"twitter_card":"summary_large_image","twitter_misc":{"Est. reading time":"2 minutes"},"schema":{"@context":"https:\/\/schema.org","@graph":[{"@type":"WebPage","@id":"https:\/\/www.milanrakic.de\/en\/produkt\/reha-training","url":"https:\/\/www.milanrakic.de\/en\/produkt\/reha-training","name":"Reha Kleingruppentraining in Bad Homburg (12:00\u201313:00 Uhr) - Milan Rakic - Athletikcoach","isPartOf":{"@id":"https:\/\/www.milanrakic.de\/en#website"},"primaryImageOfPage":{"@id":"https:\/\/www.milanrakic.de\/en\/produkt\/reha-training#primaryimage"},"image":{"@id":"https:\/\/www.milanrakic.de\/en\/produkt\/reha-training#primaryimage"},"thumbnailUrl":"https:\/\/www.milanrakic.de\/wp-content\/uploads\/2020\/08\/DSC06942-1.jpeg","datePublished":"2025-06-18T12:45:06+00:00","dateModified":"2025-11-25T19:02:53+00:00","breadcrumb":{"@id":"https:\/\/www.milanrakic.de\/en\/produkt\/reha-training#breadcrumb"},"inLanguage":"en-US","potentialAction":[{"@type":"ReadAction","target":["https:\/\/www.milanrakic.de\/en\/produkt\/reha-training"]}]},{"@type":"ImageObject","inLanguage":"en-US","@id":"https:\/\/www.milanrakic.de\/en\/produkt\/reha-training#primaryimage","url":"https:\/\/www.milanrakic.de\/wp-content\/uploads\/2020\/08\/DSC06942-1.jpeg","contentUrl":"https:\/\/www.milanrakic.de\/wp-content\/uploads\/2020\/08\/DSC06942-1.jpeg","width":1908,"height":1578},{"@type":"BreadcrumbList","@id":"https:\/\/www.milanrakic.de\/en\/produkt\/reha-training#breadcrumb","itemListElement":[{"@type":"ListItem","position":1,"name":"Startseite","item":"https:\/\/www.milanrakic.de\/shop"},{"@type":"ListItem","position":2,"name":"Reha Kleingruppentraining in Bad Homburg (12:00\u201313:00 Uhr)"}]},{"@type":"WebSite","@id":"https:\/\/www.milanrakic.de\/en#website","url":"https:\/\/www.milanrakic.de\/en","name":"Milan Rakic - Athletikcoach","description":"Online-Coaching","publisher":{"@id":"https:\/\/www.milanrakic.de\/en#organization"},"potentialAction":[{"@type":"SearchAction","target":{"@type":"EntryPoint","urlTemplate":"https:\/\/www.milanrakic.de\/en?s={search_term_string}"},"query-input":{"@type":"PropertyValueSpecification","valueRequired":true,"valueName":"search_term_string"}}],"inLanguage":"en-US"},{"@type":"Organization","@id":"https:\/\/www.milanrakic.de\/en#organization","name":"Milan Rakic","url":"https:\/\/www.milanrakic.de\/en","logo":{"@type":"ImageObject","inLanguage":"en-US","@id":"https:\/\/www.milanrakic.de\/en#\/schema\/logo\/image\/","url":"https:\/\/www.milanrakic.de\/wp-content\/uploads\/2020\/08\/Color-logo-no-background-1.png","contentUrl":"https:\/\/www.milanrakic.de\/wp-content\/uploads\/2020\/08\/Color-logo-no-background-1.png","width":2198,"height":438,"caption":"Milan Rakic"},"image":{"@id":"https:\/\/www.milanrakic.de\/en#\/schema\/logo\/image\/"}}]}},"_links":{"self":[{"href":"https:\/\/www.milanrakic.de\/en\/wp-json\/wp\/v2\/product\/1157","targetHints":{"allow":["GET"]}}],"collection":[{"href":"https:\/\/www.milanrakic.de\/en\/wp-json\/wp\/v2\/product"}],"about":[{"href":"https:\/\/www.milanrakic.de\/en\/wp-json\/wp\/v2\/types\/product"}],"replies":[{"embeddable":true,"href":"https:\/\/www.milanrakic.de\/en\/wp-json\/wp\/v2\/comments?post=1157"}],"wp:featuredmedia":[{"embeddable":true,"href":"https:\/\/www.milanrakic.de\/en\/wp-json\/wp\/v2\/media\/37"}],"wp:attachment":[{"href":"https:\/\/www.milanrakic.de\/en\/wp-json\/wp\/v2\/media?parent=1157"}],"wp:term":[{"taxonomy":"product_brand","embeddable":true,"href":"https:\/\/www.milanrakic.de\/en\/wp-json\/wp\/v2\/product_brand?post=1157"},{"taxonomy":"product_cat","embeddable":true,"href":"https:\/\/www.milanrakic.de\/en\/wp-json\/wp\/v2\/product_cat?post=1157"},{"taxonomy":"product_tag","embeddable":true,"href":"https:\/\/www.milanrakic.de\/en\/wp-json\/wp\/v2\/product_tag?post=1157"}],"curies":[{"name":"wp","href":"https:\/\/api.w.org\/{rel}","templated":true}]}}